{"version":"1.0","provider_name":"Estonian Convention Bureau","provider_url":"https:\/\/www.ecb.ee\/et\/","title":"Tallinnas avanevad s\u00fcndmuskorraldajatele uued v\u00f5imalused - Estonian Convention Bureau","type":"rich","width":600,"height":338,"html":"<blockquote class=\"wp-embedded-content\" data-secret=\"kbN0W1x9DS\"><a href=\"https:\/\/www.ecb.ee\/et\/uudised\/tallinnas-avanevad-sundmuskorraldajatele-uued-voimalused\/\">Tallinnas avanevad s\u00fcndmuskorraldajatele uued v\u00f5imalused<\/a><\/blockquote><iframe sandbox=\"allow-scripts\" security=\"restricted\" src=\"https:\/\/www.ecb.ee\/et\/uudised\/tallinnas-avanevad-sundmuskorraldajatele-uued-voimalused\/embed\/#?secret=kbN0W1x9DS\" width=\"600\" height=\"338\" title=\"&#8220;Tallinnas avanevad s\u00fcndmuskorraldajatele uued v\u00f5imalused&#8221; &#8212; Estonian Convention Bureau\" data-secret=\"kbN0W1x9DS\" frameborder=\"0\" marginwidth=\"0\" marginheight=\"0\" scrolling=\"no\" class=\"wp-embedded-content\"><\/iframe><script>\n\/*! This file is auto-generated *\/\n!function(d,l){\"use strict\";l.querySelector&&d.addEventListener&&\"undefined\"!=typeof URL&&(d.wp=d.wp||{},d.wp.receiveEmbedMessage||(d.wp.receiveEmbedMessage=function(e){var t=e.data;if((t||t.secret||t.message||t.value)&&!\/[^a-zA-Z0-9]\/.test(t.secret)){for(var s,r,n,a=l.querySelectorAll('iframe[data-secret=\"'+t.secret+'\"]'),o=l.querySelectorAll('blockquote[data-secret=\"'+t.secret+'\"]'),c=new RegExp(\"^https?:$\",\"i\"),i=0;i<o.length;i++)o[i].style.display=\"none\";for(i=0;i<a.length;i++)s=a[i],e.source===s.contentWindow&&(s.removeAttribute(\"style\"),\"height\"===t.message?(1e3<(r=parseInt(t.value,10))?r=1e3:~~r<200&&(r=200),s.height=r):\"link\"===t.message&&(r=new URL(s.getAttribute(\"src\")),n=new URL(t.value),c.test(n.protocol))&&n.host===r.host&&l.activeElement===s&&(d.top.location.href=t.value))}},d.addEventListener(\"message\",d.wp.receiveEmbedMessage,!1),l.addEventListener(\"DOMContentLoaded\",function(){for(var e,t,s=l.querySelectorAll(\"iframe.wp-embedded-content\"),r=0;r<s.length;r++)(t=(e=s[r]).getAttribute(\"data-secret\"))||(t=Math.random().toString(36).substring(2,12),e.src+=\"#?secret=\"+t,e.setAttribute(\"data-secret\",t)),e.contentWindow.postMessage({message:\"ready\",secret:t},\"*\")},!1)))}(window,document);\n\/\/# sourceURL=https:\/\/www.ecb.ee\/wp-includes\/js\/wp-embed.min.js\n<\/script>\n","thumbnail_url":"https:\/\/www.ecb.ee\/wp-content\/uploads\/2020\/12\/kultuurikatel_Kaupo-Kalda.jpg","thumbnail_width":980,"thumbnail_height":460,"description":"Alates 1. septembrist haldab Kultuurikatel ka\u00a0Salme Kultuurikeskust\u00a0ja\u00a0Mere Kultuurikeskust. Koos pakuvad k\u00f5ik kolm s\u00fcdalinna piirkonnas asuvat unikaalset ja ainulaadset kultuuri-, s\u00fcndmus- ning konverentsikeskusekeskust laia valikut inspireerivaid ruume ja professionaalset tuge v\u00e4ga eriilmeliste s\u00fcndmuste korraldamiseks. Kultuurikatla suurim saal\u00a0Black Box\u00a0mahutab kuni\u00a0600 istekohta.\u00a0Kokku on Kultuurikatlas\u00a020 erinevat ruumi, kus oma s\u00fcndmust korraldada.\u00a0 Salme Kultuurikeskuse suur saal mahutab\u00a0624 inimest.\u00a0 Mere Kultuurikeskuse [&hellip;]"}